{"id":491,"date":"2016-07-06T10:17:57","date_gmt":"2016-07-06T10:17:57","guid":{"rendered":"http:\/\/www.manifestacom.com\/dada\/"},"modified":"2019-10-17T15:24:28","modified_gmt":"2019-10-17T15:24:28","slug":"home","status":"publish","type":"page","link":"https:\/\/www.manifestacom.com\/es\/","title":{"rendered":"home"},"content":{"rendered":"<p>[vc_row row_type=\u00bbrow\u00bb use_row_as_full_screen_section=\u00bbno\u00bb type=\u00bbfull_width\u00bb angled_section=\u00bbno\u00bb text_align=\u00bbleft\u00bb background_image_as_pattern=\u00bbwithout_pattern\u00bb css_animation=\u00bb\u00bb][vc_column]<div class='projects_holder_outer v3 portfolio_with_space portfolio_standard  masonry_with_space'><div class='projects_holder portfolio_main_holder clearfix v3 standard portfolio_full_image portfolio_one_by_one'>\n<article class='mix portfolio_category_35 ' style='padding: 0 2.5px;margin-bottom: 5px !important;'><div class=\"item_holder slow_zoom\"><div class=\"icons_holder\"><\/div><a itemprop=\"url\" class=\"portfolio_link_class\" title=\"Agenda Urbana de Catalunya\" href=\"https:\/\/www.manifestacom.com\/es\/projects\/agenda-urbana-catalunya\/\"><\/a><div style=\"background-color: rgba(255,255,255,0.5)\" class=\"portfolio_shader\"><\/div><div class=\"image_holder\"><span class=\"image hold video-holder\"><video class=\"video image hold\" autoplay loop muted preload=\"auto\"><source type=\"video\/mp4\" src=\"https:\/\/www.manifestacom.com\/wp-content\/uploads\/2021\/01\/auc2.mp4\"> <source type=\"video\/webm\" src=\"\"> <source type=\"video\/ogg\" src=\"\"> <\/video><\/span><\/div><\/div><div class='portfolio_description text_align_left' ><h2 itemprop=\"headings\" class=\"portfolio_title entry_title\"><a itemprop=\"url\" href=\"https:\/\/www.manifestacom.com\/es\/projects\/agenda-urbana-catalunya\/\" target=\"_self\" style=\"font-size: 16px\">Agenda Urbana de Catalunya<\/a><\/h2><\/div><\/article>\n<article class='mix ' style='padding: 0 2.5px;margin-bottom: 5px !important;'><div class=\"item_holder slow_zoom\"><div class=\"icons_holder\"><\/div><a itemprop=\"url\" class=\"portfolio_link_class\" title=\"Populismo, espect\u00e1culo y pulsi\u00f3n de muerte. \u00bfLa nueva normalidad en la comunicaci\u00f3n pol\u00edtica?\" href=\"https:\/\/www.manifestacom.com\/es\/populismo-espectaculo-y-pulsion-de-muerte-la-nueva-normalidad-en-la-comunicacion-politica\/\"><\/a><div style=\"background-color: rgba(255,255,255,0.5)\" class=\"portfolio_shader\"><\/div><div class=\"image_holder texto_holder caja-blanca\"><span class=\"image color-box content_vertical_middle\"><div class=\"titular-box\">El post<\/div><div class=\"date-box\">01 abril 2025<\/div><div class=\"texto-box\">Populismo, espect\u00e1culo y pulsi\u00f3n de muerte. \u00bfLa nueva normalidad en la comunicaci\u00f3n pol\u00edtica?<\/div><div class=\"home-more\"><a itemprop=\"url\" href=\" https:\/\/www.manifestacom.com\/es\/populismo-espectaculo-y-pulsion-de-muerte-la-nueva-normalidad-en-la-comunicacion-politica\/\" target=\"_self\">leer m\u00e1s ><\/a><\/div><\/span><\/div><\/div><div class='portfolio_description text_align_left' ><h2 itemprop=\"headings\" class=\"portfolio_title entry_title\"><a itemprop=\"url\" href=\"https:\/\/www.manifestacom.com\/es\/populismo-espectaculo-y-pulsion-de-muerte-la-nueva-normalidad-en-la-comunicacion-politica\/\" target=\"_self\" style=\"font-size: 16px\">&nbsp;<\/a><\/h2><\/div><\/article>\n<article class='mix portfolio_category_35 ' style='padding: 0 2.5px;margin-bottom: 5px !important;'><div class=\"item_holder slow_zoom\"><div class=\"icons_holder\"><\/div><a itemprop=\"url\" class=\"portfolio_link_class\" title=\"Applus+ IDIADA\" href=\"https:\/\/www.manifestacom.com\/es\/projects\/applus-idiada\/\"><\/a><div style=\"background-color: rgba(255,255,255,0.5)\" class=\"portfolio_shader\"><\/div><div class=\"image_holder\"><span class=\"image hold\"><img loading=\"lazy\" decoding=\"async\" width=\"604\" height=\"415\" src=\"https:\/\/www.manifestacom.com\/wp-content\/uploads\/2021\/06\/Ididada1.png\" class=\"attachment-portfolio_masonry_with_space size-portfolio_masonry_with_space wp-post-image\" alt=\"\" srcset=\"https:\/\/www.manifestacom.com\/wp-content\/uploads\/2021\/06\/Ididada1.png 604w, https:\/\/www.manifestacom.com\/wp-content\/uploads\/2021\/06\/Ididada1-300x206.png 300w\" sizes=\"auto, (max-width: 604px) 100vw, 604px\" \/><\/span><\/div><\/div><div class='portfolio_description text_align_left' ><h2 itemprop=\"headings\" class=\"portfolio_title entry_title\"><a itemprop=\"url\" href=\"https:\/\/www.manifestacom.com\/es\/projects\/applus-idiada\/\" target=\"_self\" style=\"font-size: 16px\">Applus+ IDIADA<\/a><\/h2><\/div><\/article>\n<article class='mix portfolio_category_35 ' style='padding: 0 2.5px;margin-bottom: 5px !important;'><div class=\"item_holder slow_zoom\"><div class=\"icons_holder\"><\/div><a itemprop=\"url\" class=\"portfolio_link_class\" title=\"Barcelona Activa\" href=\"https:\/\/www.manifestacom.com\/es\/projects\/barcelona-activa\/\"><\/a><div style=\"background-color: rgba(255,255,255,0.5)\" class=\"portfolio_shader\"><\/div><div class=\"image_holder\"><span class=\"image hold\"><img loading=\"lazy\" decoding=\"async\" width=\"604\" height=\"415\" src=\"https:\/\/www.manifestacom.com\/wp-content\/uploads\/2021\/06\/ba-mnf.png\" class=\"attachment-portfolio_masonry_with_space size-portfolio_masonry_with_space wp-post-image\" alt=\"\" srcset=\"https:\/\/www.manifestacom.com\/wp-content\/uploads\/2021\/06\/ba-mnf.png 604w, https:\/\/www.manifestacom.com\/wp-content\/uploads\/2021\/06\/ba-mnf-300x206.png 300w\" sizes=\"auto, (max-width: 604px) 100vw, 604px\" \/><\/span><\/div><\/div><div class='portfolio_description text_align_left' ><h2 itemprop=\"headings\" class=\"portfolio_title entry_title\"><a itemprop=\"url\" href=\"https:\/\/www.manifestacom.com\/es\/projects\/barcelona-activa\/\" target=\"_self\" style=\"font-size: 16px\">Barcelona Activa<\/a><\/h2><\/div><\/article>\n<article class='mix ' style='padding: 0 2.5px;margin-bottom: 5px !important;'><div class=\"item_holder slow_zoom\"><div class=\"icons_holder\"><\/div><a itemprop=\"url\" class=\"portfolio_link_class\" title=\"VOC: la primera identidad corporativa\" href=\"https:\/\/www.manifestacom.com\/es\/voc-primera-identidad-corporativa\/\"><\/a><div style=\"background-color: rgba(255,255,255,0.5)\" class=\"portfolio_shader\"><\/div><div class=\"image_holder texto_holder caja-blanca\"><span class=\"image color-box content_vertical_middle\"><div class=\"titular-box\">El post<\/div><div class=\"date-box\">17 marzo 2023<\/div><div class=\"texto-box\">VOC: la primera identidad corporativa<\/div><div class=\"home-more\"><a itemprop=\"url\" href=\" https:\/\/www.manifestacom.com\/es\/voc-primera-identidad-corporativa\/\" target=\"_self\">leer m\u00e1s ><\/a><\/div><\/span><\/div><\/div><div class='portfolio_description text_align_left' ><h2 itemprop=\"headings\" class=\"portfolio_title entry_title\"><a itemprop=\"url\" href=\"https:\/\/www.manifestacom.com\/es\/voc-primera-identidad-corporativa\/\" target=\"_self\" style=\"font-size: 16px\">&nbsp;<\/a><\/h2><\/div><\/article>\n<article class='mix portfolio_category_35 ' style='padding: 0 2.5px;margin-bottom: 5px !important;'><div class=\"item_holder slow_zoom\"><div class=\"icons_holder\"><\/div><a itemprop=\"url\" class=\"portfolio_link_class\" title=\"Suez\" href=\"https:\/\/www.manifestacom.com\/es\/projects\/suez\/\"><\/a><div style=\"background-color: rgba(255,255,255,0.5)\" class=\"portfolio_shader\"><\/div><div class=\"image_holder\"><span class=\"image hold\"><img loading=\"lazy\" decoding=\"async\" width=\"604\" height=\"415\" src=\"https:\/\/www.manifestacom.com\/wp-content\/uploads\/2018\/01\/suez_thumb.jpg\" class=\"attachment-portfolio_masonry_with_space size-portfolio_masonry_with_space wp-post-image\" alt=\"\" srcset=\"https:\/\/www.manifestacom.com\/wp-content\/uploads\/2018\/01\/suez_thumb.jpg 604w, https:\/\/www.manifestacom.com\/wp-content\/uploads\/2018\/01\/suez_thumb-300x206.jpg 300w\" sizes=\"auto, (max-width: 604px) 100vw, 604px\" \/><\/span><\/div><\/div><div class='portfolio_description text_align_left' ><h2 itemprop=\"headings\" class=\"portfolio_title entry_title\"><a itemprop=\"url\" href=\"https:\/\/www.manifestacom.com\/es\/projects\/suez\/\" target=\"_self\" style=\"font-size: 16px\">Suez<\/a><\/h2><\/div><\/article>\n<article class='mix portfolio_category_35 ' style='padding: 0 2.5px;margin-bottom: 5px !important;'><div class=\"item_holder slow_zoom\"><div class=\"icons_holder\"><\/div><a itemprop=\"url\" class=\"portfolio_link_class\" title=\"Honda Motor Europe Espa\u00f1a\" href=\"https:\/\/www.manifestacom.com\/es\/projects\/honda-automoviles-espana-sa\/\"><\/a><div style=\"background-color: rgba(255,255,255,0.5)\" class=\"portfolio_shader\"><\/div><div class=\"image_holder\"><span class=\"image hold video-holder\"><video class=\"video image hold\" autoplay loop muted preload=\"auto\"><source type=\"video\/mp4\" src=\"https:\/\/www.manifestacom.com\/wp-content\/uploads\/2016\/07\/honda.mp4\"> <source type=\"video\/webm\" src=\"https:\/\/www.manifestacom.com\/wp-content\/uploads\/2016\/07\/honda.webm\"> <source type=\"video\/ogg\" src=\"\"> <\/video><\/span><\/div><\/div><div class='portfolio_description text_align_left' ><h2 itemprop=\"headings\" class=\"portfolio_title entry_title\"><a itemprop=\"url\" href=\"https:\/\/www.manifestacom.com\/es\/projects\/honda-automoviles-espana-sa\/\" target=\"_self\" style=\"font-size: 16px\">Honda Motor Europe Espa\u00f1a<\/a><\/h2><\/div><\/article>\n<article class='mix ' style='padding: 0 2.5px;margin-bottom: 5px !important;'><div class=\"item_holder slow_zoom\"><div class=\"icons_holder\"><\/div><a itemprop=\"url\" class=\"portfolio_link_class\" title=\"Lil Yachty &#8211; \u201cLet\u2019s Start Here\u201d. Cuando el rap flirtea con la psicodelia.\" href=\"https:\/\/www.manifestacom.com\/es\/lil-yachty-lets-start-here-cuando-el-rap-flirtea-con-la-psicodelia\/\"><\/a><div style=\"background-color: rgba(255,255,255,0.5)\" class=\"portfolio_shader\"><\/div><div class=\"image_holder texto_holder caja-blanca\"><span class=\"image color-box content_vertical_middle\"><div class=\"titular-box\">Manifesta recomienda<\/div><div class=\"date-box\">07 febrero 2023<\/div><div class=\"texto-box\">Lil Yachty &#8211; \u201cLet\u2019s Start Here\u201d. Cuando el rap flirtea con la psicodelia.<\/div><div class=\"home-more\"><a itemprop=\"url\" href=\" https:\/\/www.manifestacom.com\/es\/lil-yachty-lets-start-here-cuando-el-rap-flirtea-con-la-psicodelia\/\" target=\"_self\">leer m\u00e1s ><\/a><\/div><\/span><\/div><\/div><div class='portfolio_description text_align_left' ><h2 itemprop=\"headings\" class=\"portfolio_title entry_title\"><a itemprop=\"url\" href=\"https:\/\/www.manifestacom.com\/es\/lil-yachty-lets-start-here-cuando-el-rap-flirtea-con-la-psicodelia\/\" target=\"_self\" style=\"font-size: 16px\">&nbsp;<\/a><\/h2><\/div><\/article>\n<article class='mix portfolio_category_35 ' style='padding: 0 2.5px;margin-bottom: 5px !important;'><div class=\"item_holder slow_zoom\"><div class=\"icons_holder\"><\/div><a itemprop=\"url\" class=\"portfolio_link_class\" title=\"Institut del Teatre\" href=\"https:\/\/www.manifestacom.com\/es\/projects\/institut-del-teatre\/\"><\/a><div style=\"background-color: rgba(255,255,255,0.5)\" class=\"portfolio_shader\"><\/div><div class=\"image_holder\"><span class=\"image hold\"><img loading=\"lazy\" decoding=\"async\" width=\"604\" height=\"415\" src=\"https:\/\/www.manifestacom.com\/wp-content\/uploads\/2023\/02\/IT.png\" class=\"attachment-portfolio_masonry_with_space size-portfolio_masonry_with_space wp-post-image\" alt=\"\" srcset=\"https:\/\/www.manifestacom.com\/wp-content\/uploads\/2023\/02\/IT.png 604w, https:\/\/www.manifestacom.com\/wp-content\/uploads\/2023\/02\/IT-300x206.png 300w\" sizes=\"auto, (max-width: 604px) 100vw, 604px\" \/><\/span><\/div><\/div><div class='portfolio_description text_align_left' ><h2 itemprop=\"headings\" class=\"portfolio_title entry_title\"><a itemprop=\"url\" href=\"https:\/\/www.manifestacom.com\/es\/projects\/institut-del-teatre\/\" target=\"_self\" style=\"font-size: 16px\">Institut del Teatre<\/a><\/h2><\/div><\/article>\n<article class='mix portfolio_category_34 ' style='padding: 0 2.5px;margin-bottom: 5px !important;'><div class=\"item_holder slow_zoom\"><div class=\"icons_holder\"><\/div><div style=\"background-color: rgba(255,255,255,0.5)\" class=\"portfolio_shader\"><\/div><div class=\"image_holder texto_holder caja-marron\"><span class=\"image color-box content_vertical_middle\"><div class=\"texto-box\">Manifesta es una empresa de consultoria especializada en la gesti\u00f3n de comunicaci\u00f3n corporativa y relaciones p\u00fablicas<\/div><\/span><\/span><\/div><\/div><div class='portfolio_description text_align_left' ><h2 itemprop=\"headings\" class=\"portfolio_title entry_title\"><a itemprop=\"url\" href=\"https:\/\/www.manifestacom.com\/es\/projects\/frase1\/\" target=\"_self\" style=\"font-size: 16px\">&nbsp;<\/a><\/h2><\/div><\/article>\n<article class='mix portfolio_category_35 ' style='padding: 0 2.5px;margin-bottom: 5px !important;'><div class=\"item_holder slow_zoom\"><div class=\"icons_holder\"><\/div><a itemprop=\"url\" class=\"portfolio_link_class\" title=\"Grupo Juli\u00e0\" href=\"https:\/\/www.manifestacom.com\/es\/projects\/grupo-julia\/\"><\/a><div style=\"background-color: rgba(255,255,255,0.5)\" class=\"portfolio_shader\"><\/div><div class=\"image_holder\"><span class=\"image hold video-holder\"><video class=\"video image hold\" autoplay loop muted preload=\"auto\"><source type=\"video\/mp4\" src=\"https:\/\/www.manifestacom.com\/wp-content\/uploads\/2016\/07\/julia.mp4\"> <source type=\"video\/webm\" src=\"https:\/\/www.manifestacom.com\/wp-content\/uploads\/2016\/07\/julia.webm\"> <source type=\"video\/ogg\" src=\"\"> <\/video><\/span><\/div><\/div><div class='portfolio_description text_align_left' ><h2 itemprop=\"headings\" class=\"portfolio_title entry_title\"><a itemprop=\"url\" href=\"https:\/\/www.manifestacom.com\/es\/projects\/grupo-julia\/\" target=\"_self\" style=\"font-size: 16px\">Grupo Juli\u00e0<\/a><\/h2><\/div><\/article>\n<article class='mix portfolio_category_35 ' style='padding: 0 2.5px;margin-bottom: 5px !important;'><div class=\"item_holder slow_zoom\"><div class=\"icons_holder\"><\/div><a itemprop=\"url\" class=\"portfolio_link_class\" title=\"Observatorio de las Energ\u00edas Renovables de Catalu\u00f1a\" href=\"https:\/\/www.manifestacom.com\/es\/projects\/observatorio-las-energias-renovables-cataluna\/\"><\/a><div style=\"background-color: rgba(255,255,255,0.5)\" class=\"portfolio_shader\"><\/div><div class=\"image_holder\"><span class=\"image hold\"><img loading=\"lazy\" decoding=\"async\" width=\"604\" height=\"415\" src=\"https:\/\/www.manifestacom.com\/wp-content\/uploads\/2023\/06\/OBERCat_.png\" class=\"attachment-portfolio_masonry_with_space size-portfolio_masonry_with_space wp-post-image\" alt=\"\" srcset=\"https:\/\/www.manifestacom.com\/wp-content\/uploads\/2023\/06\/OBERCat_.png 604w, https:\/\/www.manifestacom.com\/wp-content\/uploads\/2023\/06\/OBERCat_-300x206.png 300w\" sizes=\"auto, (max-width: 604px) 100vw, 604px\" \/><\/span><\/div><\/div><div class='portfolio_description text_align_left' ><h2 itemprop=\"headings\" class=\"portfolio_title entry_title\"><a itemprop=\"url\" href=\"https:\/\/www.manifestacom.com\/es\/projects\/observatorio-las-energias-renovables-cataluna\/\" target=\"_self\" style=\"font-size: 16px\">Observatorio de las Energ\u00edas Renovables de Catalu\u00f1a<\/a><\/h2><\/div><\/article>\n<article class='mix portfolio_category_35 ' style='padding: 0 2.5px;margin-bottom: 5px !important;'><div class=\"item_holder slow_zoom\"><div class=\"icons_holder\"><\/div><a itemprop=\"url\" class=\"portfolio_link_class\" title=\"Port de Barcelona\" href=\"https:\/\/www.manifestacom.com\/es\/projects\/port-de-barcelona\/\"><\/a><div style=\"background-color: rgba(255,255,255,0.5)\" class=\"portfolio_shader\"><\/div><div class=\"image_holder\"><span class=\"image hold\"><img loading=\"lazy\" decoding=\"async\" width=\"604\" height=\"415\" src=\"https:\/\/www.manifestacom.com\/wp-content\/uploads\/2016\/07\/port-barcelona.jpg\" class=\"attachment-portfolio_masonry_with_space size-portfolio_masonry_with_space wp-post-image\" alt=\"\" srcset=\"https:\/\/www.manifestacom.com\/wp-content\/uploads\/2016\/07\/port-barcelona.jpg 604w, https:\/\/www.manifestacom.com\/wp-content\/uploads\/2016\/07\/port-barcelona-300x206.jpg 300w\" sizes=\"auto, (max-width: 604px) 100vw, 604px\" \/><\/span><\/div><\/div><div class='portfolio_description text_align_left' ><h2 itemprop=\"headings\" class=\"portfolio_title entry_title\"><a itemprop=\"url\" href=\"https:\/\/www.manifestacom.com\/es\/projects\/port-de-barcelona\/\" target=\"_self\" style=\"font-size: 16px\">Port de Barcelona<\/a><\/h2><\/div><\/article>\n<article class='mix portfolio_category_35 ' style='padding: 0 2.5px;margin-bottom: 5px !important;'><div class=\"item_holder slow_zoom\"><div class=\"icons_holder\"><\/div><a itemprop=\"url\" class=\"portfolio_link_class\" title=\"Carburos Met\u00e1licos\" href=\"https:\/\/www.manifestacom.com\/es\/projects\/carburos-metalicos\/\"><\/a><div style=\"background-color: rgba(255,255,255,0.5)\" class=\"portfolio_shader\"><\/div><div class=\"image_holder\"><span class=\"image hold\"><img loading=\"lazy\" decoding=\"async\" width=\"604\" height=\"415\" src=\"https:\/\/www.manifestacom.com\/wp-content\/uploads\/2016\/07\/carburos_metalicos_2.jpg\" class=\"attachment-portfolio_masonry_with_space size-portfolio_masonry_with_space wp-post-image\" alt=\"\" srcset=\"https:\/\/www.manifestacom.com\/wp-content\/uploads\/2016\/07\/carburos_metalicos_2.jpg 604w, https:\/\/www.manifestacom.com\/wp-content\/uploads\/2016\/07\/carburos_metalicos_2-300x206.jpg 300w\" sizes=\"auto, (max-width: 604px) 100vw, 604px\" \/><\/span><\/div><\/div><div class='portfolio_description text_align_left' ><h2 itemprop=\"headings\" class=\"portfolio_title entry_title\"><a itemprop=\"url\" href=\"https:\/\/www.manifestacom.com\/es\/projects\/carburos-metalicos\/\" target=\"_self\" style=\"font-size: 16px\">Carburos Met\u00e1licos<\/a><\/h2><\/div><\/article>\n<article class='mix portfolio_category_34 ' style='padding: 0 2.5px;margin-bottom: 5px !important;'><div class=\"item_holder slow_zoom\"><div class=\"icons_holder\"><\/div><div style=\"background-color: rgba(255,255,255,0.5)\" class=\"portfolio_shader\"><\/div><div class=\"image_holder texto_holder caja-blanca\"><span class=\"image color-box content_vertical_middle\"><div class=\"texto-box\">La reputaci\u00f3 \u00e9s l\u2019actiu m\u00e9s important de les empreses i organitzacions. Cal gestionar-la amb efectivitat efectivitat.<\/div><\/span><\/span><\/div><\/div><div class='portfolio_description text_align_left' ><h2 itemprop=\"headings\" class=\"portfolio_title entry_title\"><a itemprop=\"url\" href=\"https:\/\/www.manifestacom.com\/es\/projects\/slide-frases\/\" target=\"_self\" style=\"font-size: 16px\">&nbsp;<\/a><\/h2><\/div><\/article>\n<article class='mix portfolio_category_35 ' style='padding: 0 2.5px;margin-bottom: 5px !important;'><div class=\"item_holder slow_zoom\"><div class=\"icons_holder\"><\/div><a itemprop=\"url\" class=\"portfolio_link_class\" title=\"Eoliccat\u00a0(Asociaci\u00f3n E\u00f3lica de Catalu\u00f1a)\" href=\"https:\/\/www.manifestacom.com\/es\/projects\/eoliccat-asociacion-eolica-de-cataluna\/\"><\/a><div style=\"background-color: rgba(255,255,255,0.5)\" class=\"portfolio_shader\"><\/div><div class=\"image_holder\"><span class=\"image hold video-holder\"><video class=\"video image hold\" autoplay loop muted preload=\"auto\"><source type=\"video\/mp4\" src=\"https:\/\/www.manifestacom.com\/wp-content\/uploads\/2016\/07\/elioccat.mp4\"> <source type=\"video\/webm\" src=\"https:\/\/www.manifestacom.com\/wp-content\/uploads\/2016\/07\/elioccat.webm\"> <source type=\"video\/ogg\" src=\"\"> <\/video><\/span><\/div><\/div><div class='portfolio_description text_align_left' ><h2 itemprop=\"headings\" class=\"portfolio_title entry_title\"><a itemprop=\"url\" href=\"https:\/\/www.manifestacom.com\/es\/projects\/eoliccat-asociacion-eolica-de-cataluna\/\" target=\"_self\" style=\"font-size: 16px\">Eoliccat\u00a0(Asociaci\u00f3n E\u00f3lica de Catalu\u00f1a)<\/a><\/h2><\/div><\/article>\n<article class='mix portfolio_category_35 ' style='padding: 0 2.5px;margin-bottom: 5px !important;'><div class=\"item_holder slow_zoom\"><div class=\"icons_holder\"><\/div><a itemprop=\"url\" class=\"portfolio_link_class\" title=\"Camins.cat\" href=\"https:\/\/www.manifestacom.com\/es\/projects\/camins-cat\/\"><\/a><div style=\"background-color: rgba(255,255,255,0.5)\" class=\"portfolio_shader\"><\/div><div class=\"image_holder\"><span class=\"image hold\"><img loading=\"lazy\" decoding=\"async\" width=\"604\" height=\"415\" src=\"https:\/\/www.manifestacom.com\/wp-content\/uploads\/2016\/07\/camins.jpg\" class=\"attachment-portfolio_masonry_with_space size-portfolio_masonry_with_space wp-post-image\" alt=\"\" srcset=\"https:\/\/www.manifestacom.com\/wp-content\/uploads\/2016\/07\/camins.jpg 604w, https:\/\/www.manifestacom.com\/wp-content\/uploads\/2016\/07\/camins-300x206.jpg 300w\" sizes=\"auto, (max-width: 604px) 100vw, 604px\" \/><\/span><\/div><\/div><div class='portfolio_description text_align_left' ><h2 itemprop=\"headings\" class=\"portfolio_title entry_title\"><a itemprop=\"url\" href=\"https:\/\/www.manifestacom.com\/es\/projects\/camins-cat\/\" target=\"_self\" style=\"font-size: 16px\">Camins.cat<\/a><\/h2><\/div><\/article>\n<article class='mix ' style='padding: 0 2.5px;margin-bottom: 5px !important;'><div class=\"item_holder slow_zoom\"><div class=\"icons_holder\"><\/div><a itemprop=\"url\" class=\"portfolio_link_class\" title=\"Twitter\" target=\"_blank\" href=\"https:\/\/twitter.com\/manifestaCOM\"><\/a><div style=\"background-color: rgba(255,255,255,0.5)\" class=\"portfolio_shader\"><\/div><div class=\"image_holder texto_holder caja-blanca\"><span class=\"image color-box content_vertical_middle\"><div class=\"titular-box\">Twitter<\/div><div class=\"date-box\">[custom-twitter-feeds]<\/div><\/span><\/div><\/div><div class='portfolio_description text_align_left' ><h2 itemprop=\"headings\" class=\"portfolio_title entry_title\"><a itemprop=\"url\" href=\"https:\/\/www.manifestacom.com\/es\/twitter\/twitter\/\" target=\"_self\" style=\"font-size: 16px\">&nbsp;<\/a><\/h2><\/div><\/article>\n<article class='mix portfolio_category_35 ' style='padding: 0 2.5px;margin-bottom: 5px !important;'><div class=\"item_holder slow_zoom\"><div class=\"icons_holder\"><\/div><a itemprop=\"url\" class=\"portfolio_link_class\" title=\"Eurest\" href=\"https:\/\/www.manifestacom.com\/es\/projects\/eurest\/\"><\/a><div style=\"background-color: rgba(255,255,255,0.5)\" class=\"portfolio_shader\"><\/div><div class=\"image_holder\"><span class=\"image hold\"><img loading=\"lazy\" decoding=\"async\" width=\"604\" height=\"415\" src=\"https:\/\/www.manifestacom.com\/wp-content\/uploads\/2016\/07\/eurest.jpg\" class=\"attachment-portfolio_masonry_with_space size-portfolio_masonry_with_space wp-post-image\" alt=\"\" srcset=\"https:\/\/www.manifestacom.com\/wp-content\/uploads\/2016\/07\/eurest.jpg 604w, https:\/\/www.manifestacom.com\/wp-content\/uploads\/2016\/07\/eurest-300x206.jpg 300w\" sizes=\"auto, (max-width: 604px) 100vw, 604px\" \/><\/span><\/div><\/div><div class='portfolio_description text_align_left' ><h2 itemprop=\"headings\" class=\"portfolio_title entry_title\"><a itemprop=\"url\" href=\"https:\/\/www.manifestacom.com\/es\/projects\/eurest\/\" target=\"_self\" style=\"font-size: 16px\">Eurest<\/a><\/h2><\/div><\/article>\n<article class='mix portfolio_category_35 ' style='padding: 0 2.5px;margin-bottom: 5px !important;'><div class=\"item_holder slow_zoom\"><div class=\"icons_holder\"><\/div><a itemprop=\"url\" class=\"portfolio_link_class\" title=\"FGC\u00a0(Ferrocarriles de la Generalitat de Catalu\u00f1a)\" href=\"https:\/\/www.manifestacom.com\/es\/projects\/fgc-ferrocarriles-de-la-generalitat-de-cataluna\/\"><\/a><div style=\"background-color: rgba(255,255,255,0.5)\" class=\"portfolio_shader\"><\/div><div class=\"image_holder\"><span class=\"image hold\"><img loading=\"lazy\" decoding=\"async\" width=\"604\" height=\"415\" src=\"https:\/\/www.manifestacom.com\/wp-content\/uploads\/2016\/07\/ferrocarrils.jpg\" class=\"attachment-portfolio_masonry_with_space size-portfolio_masonry_with_space wp-post-image\" alt=\"\" srcset=\"https:\/\/www.manifestacom.com\/wp-content\/uploads\/2016\/07\/ferrocarrils.jpg 604w, https:\/\/www.manifestacom.com\/wp-content\/uploads\/2016\/07\/ferrocarrils-300x206.jpg 300w\" sizes=\"auto, (max-width: 604px) 100vw, 604px\" \/><\/span><\/div><\/div><div class='portfolio_description text_align_left' ><h2 itemprop=\"headings\" class=\"portfolio_title entry_title\"><a itemprop=\"url\" href=\"https:\/\/www.manifestacom.com\/es\/projects\/fgc-ferrocarriles-de-la-generalitat-de-cataluna\/\" target=\"_self\" style=\"font-size: 16px\">FGC\u00a0(Ferrocarriles de la Generalitat de Catalu\u00f1a)<\/a><\/h2><\/div><\/article>\n<article class='mix portfolio_category_35 ' style='padding: 0 2.5px;margin-bottom: 5px !important;'><div class=\"item_holder slow_zoom\"><div class=\"icons_holder\"><\/div><a itemprop=\"url\" class=\"portfolio_link_class\" title=\"Abacus\" href=\"https:\/\/www.manifestacom.com\/es\/projects\/abacus\/\"><\/a><div style=\"background-color: rgba(255,255,255,0.5)\" class=\"portfolio_shader\"><\/div><div class=\"image_holder\"><span class=\"image hold\"><img loading=\"lazy\" decoding=\"async\" width=\"604\" height=\"415\" src=\"https:\/\/www.manifestacom.com\/wp-content\/uploads\/2016\/07\/abacus1.jpg\" class=\"attachment-portfolio_masonry_with_space size-portfolio_masonry_with_space wp-post-image\" alt=\"\" srcset=\"https:\/\/www.manifestacom.com\/wp-content\/uploads\/2016\/07\/abacus1.jpg 604w, https:\/\/www.manifestacom.com\/wp-content\/uploads\/2016\/07\/abacus1-300x206.jpg 300w\" sizes=\"auto, (max-width: 604px) 100vw, 604px\" \/><\/span><\/div><\/div><div class='portfolio_description text_align_left' ><h2 itemprop=\"headings\" class=\"portfolio_title entry_title\"><a itemprop=\"url\" href=\"https:\/\/www.manifestacom.com\/es\/projects\/abacus\/\" target=\"_self\" style=\"font-size: 16px\">Abacus<\/a><\/h2><\/div><\/article>\n<div class='filler'><\/div>\n<div class='filler'><\/div>\n<div class='filler'><\/div>\n<\/div><\/div>[\/vc_column][\/vc_row]<\/p>\n","protected":false},"excerpt":{"rendered":"<p>[vc_row row_type=\u00bbrow\u00bb use_row_as_full_screen_section=\u00bbno\u00bb type=\u00bbfull_width\u00bb angled_section=\u00bbno\u00bb text_align=\u00bbleft\u00bb background_image_as_pattern=\u00bbwithout_pattern\u00bb css_animation=\u00bb\u00bb][vc_column][\/vc_column][\/vc_row]<\/p>\n","protected":false},"author":1,"featured_media":0,"parent":0,"menu_order":9,"comment_status":"closed","ping_status":"closed","template":"page-home.php","meta":{"footnotes":""},"class_list":["post-491","page","type-page","status-publish","hentry"],"acf":[],"_links":{"self":[{"href":"https:\/\/www.manifestacom.com\/es\/wp-json\/wp\/v2\/pages\/491","targetHints":{"allow":["GET"]}}],"collection":[{"href":"https:\/\/www.manifestacom.com\/es\/wp-json\/wp\/v2\/pages"}],"about":[{"href":"https:\/\/www.manifestacom.com\/es\/wp-json\/wp\/v2\/types\/page"}],"author":[{"embeddable":true,"href":"https:\/\/www.manifestacom.com\/es\/wp-json\/wp\/v2\/users\/1"}],"replies":[{"embeddable":true,"href":"https:\/\/www.manifestacom.com\/es\/wp-json\/wp\/v2\/comments?post=491"}],"version-history":[{"count":3,"href":"https:\/\/www.manifestacom.com\/es\/wp-json\/wp\/v2\/pages\/491\/revisions"}],"predecessor-version":[{"id":553,"href":"https:\/\/www.manifestacom.com\/es\/wp-json\/wp\/v2\/pages\/491\/revisions\/553"}],"wp:attachment":[{"href":"https:\/\/www.manifestacom.com\/es\/wp-json\/wp\/v2\/media?parent=491"}],"curies":[{"name":"wp","href":"https:\/\/api.w.org\/{rel}","templated":true}]}}